{"id":3191,"date":"2022-05-24T20:34:42","date_gmt":"2022-05-24T20:34:42","guid":{"rendered":"https:\/\/widoarquitectos.com\/?page_id=3191"},"modified":"2022-06-08T19:57:01","modified_gmt":"2022-06-08T19:57:01","slug":"eco-hotel-tlachichuca","status":"publish","type":"page","link":"https:\/\/widoarquitectos.com\/en\/eco-hotel-tlachichuca\/","title":{"rendered":"Eco Hotel Tlachichuca"},"content":{"rendered":"<p>[et_pb_section fb_built=&#8221;1&#8243; module_class=&#8221;titulos&#8221; _builder_version=&#8221;4.16&#8243; custom_padding=&#8221;0px||4px||false|false&#8221; global_colors_info=&#8221;{}&#8221;][et_pb_row _builder_version=&#8221;4.16&#8243; width=&#8221;75%&#8221; custom_padding=&#8221;14px||5px||false|false&#8221; animation_style=&#8221;slide&#8221; animation_direction=&#8221;bottom&#8221; global_colors_info=&#8221;{}&#8221;][et_pb_column type=&#8221;4_4&#8243; _builder_version=&#8221;4.16&#8243; global_colors_info=&#8221;{}&#8221;][et_pb_text _builder_version=&#8221;4.16&#8243; text_font=&#8221;||||||||&#8221; text_text_color=&#8221;#a5a5a5&#8243; header_font=&#8221;||||||||&#8221; header_2_font=&#8221;Avant-regular||||||||&#8221; header_2_text_color=&#8221;#707070&#8243; header_2_font_size=&#8221;13px&#8221; custom_margin=&#8221;||-10px||false|false&#8221; inline_fonts=&#8221;Avant-regular&#8221; global_colors_info=&#8221;{}&#8221;]<\/p>\n<h2><span style=\"font-family: Avant-regular; font-weight: normal;\">ECO HOTEL TLACHICHUCA<\/span><\/h2>\n<p>[\/et_pb_text][et_pb_text _builder_version=&#8221;4.16&#8243; text_font=&#8221;Avant-regular||||||||&#8221; text_text_color=&#8221;#afaeae&#8221; text_font_size=&#8221;9px&#8221; custom_margin=&#8221;||0px||false|false&#8221; custom_padding=&#8221;||||false|false&#8221; global_colors_info=&#8221;{}&#8221;]TLACHICHUCA, M\u00c9XICO[\/et_pb_text][et_pb_text _builder_version=&#8221;4.16&#8243; text_font=&#8221;Avant-regular||||||||&#8221; text_text_color=&#8221;#afaeae&#8221; text_font_size=&#8221;9px&#8221; custom_margin=&#8221;-4px||0px||false|false&#8221; custom_padding=&#8221;||||false|false&#8221; global_colors_info=&#8221;{}&#8221;]HOTELER\u00cdA &#038; TURISMO | 2022[\/et_pb_text][\/et_pb_column][\/et_pb_row][\/et_pb_section][et_pb_section fb_built=&#8221;1&#8243; module_class=&#8221;descripcion&#8221; _builder_version=&#8221;4.16&#8243; custom_padding=&#8221;0px||||false|false&#8221; global_colors_info=&#8221;{}&#8221;][et_pb_row column_structure=&#8221;2_3,1_3&#8243; use_custom_gutter=&#8221;on&#8221; _builder_version=&#8221;4.16&#8243; width=&#8221;75%&#8221; module_alignment=&#8221;center&#8221; custom_margin=&#8221;|128px||auto||&#8221; global_colors_info=&#8221;{}&#8221;][et_pb_column type=&#8221;2_3&#8243; _builder_version=&#8221;4.16&#8243; global_colors_info=&#8221;{}&#8221;][et_pb_slider show_pagination=&#8221;off&#8221; _builder_version=&#8221;4.16&#8243; background_enable_image=&#8221;off&#8221; min_height=&#8221;440px&#8221; min_height_tablet=&#8221;400px&#8221; min_height_phone=&#8221;400px&#8221; min_height_last_edited=&#8221;on|phone&#8221; animation_style=&#8221;slide&#8221; animation_direction=&#8221;left&#8221; animation_duration=&#8221;2000ms&#8221; global_colors_info=&#8221;{}&#8221;][et_pb_slide _builder_version=&#8221;4.16&#8243; background_color=&#8221;#cecece&#8221; background_enable_color=&#8221;on&#8221; background_image=&#8221;https:\/\/widoarquitectos.com\/wp-content\/uploads\/2022\/05\/18.-PORTADA.png&#8221; background_enable_image=&#8221;on&#8221; global_colors_info=&#8221;{}&#8221; sticky_transition=&#8221;on&#8221;][\/et_pb_slide][et_pb_slide _builder_version=&#8221;4.16&#8243; background_color=&#8221;#cecece&#8221; background_enable_color=&#8221;on&#8221; background_image=&#8221;https:\/\/widoarquitectos.com\/wp-content\/uploads\/2022\/05\/2.-UBICACION-1.jpg&#8221; background_enable_image=&#8221;on&#8221; global_colors_info=&#8221;{}&#8221; sticky_transition=&#8221;on&#8221;][\/et_pb_slide][et_pb_slide _builder_version=&#8221;4.16&#8243; background_color=&#8221;#cecece&#8221; background_enable_color=&#8221;on&#8221; background_image=&#8221;https:\/\/widoarquitectos.com\/wp-content\/uploads\/2022\/05\/3.-DIAGRAMA-DE-DISENO.png&#8221; background_enable_image=&#8221;on&#8221; global_colors_info=&#8221;{}&#8221; sticky_transition=&#8221;on&#8221;][\/et_pb_slide][et_pb_slide _builder_version=&#8221;4.16&#8243; background_color=&#8221;#cecece&#8221; background_enable_color=&#8221;on&#8221; background_image=&#8221;https:\/\/widoarquitectos.com\/wp-content\/uploads\/2022\/05\/18.-CONJUNTO-ISO-4.png&#8221; background_enable_image=&#8221;on&#8221; global_colors_info=&#8221;{}&#8221; sticky_transition=&#8221;on&#8221;][\/et_pb_slide][et_pb_slide _builder_version=&#8221;4.16&#8243; background_color=&#8221;#cecece&#8221; background_enable_color=&#8221;on&#8221; background_image=&#8221;https:\/\/widoarquitectos.com\/wp-content\/uploads\/2022\/05\/5.-18AISLAMIENTO-TERMICO-Y-ACUSTICO-01.jpg&#8221; background_enable_image=&#8221;on&#8221; global_colors_info=&#8221;{}&#8221; sticky_transition=&#8221;on&#8221;][\/et_pb_slide][et_pb_slide _builder_version=&#8221;4.16&#8243; background_color=&#8221;#cecece&#8221; background_enable_color=&#8221;on&#8221; background_image=&#8221;https:\/\/widoarquitectos.com\/wp-content\/uploads\/2022\/05\/6.-CAPTACION-PLUVIAL-01.jpg&#8221; background_enable_image=&#8221;on&#8221; global_colors_info=&#8221;{}&#8221; sticky_transition=&#8221;on&#8221;][\/et_pb_slide][et_pb_slide _builder_version=&#8221;4.16&#8243; background_color=&#8221;#cecece&#8221; background_enable_color=&#8221;on&#8221; background_image=&#8221;https:\/\/widoarquitectos.com\/wp-content\/uploads\/2022\/05\/7.-ILUMINACION-NATURAL-01.jpg&#8221; background_enable_image=&#8221;on&#8221; global_colors_info=&#8221;{}&#8221; sticky_transition=&#8221;on&#8221;][\/et_pb_slide][et_pb_slide _builder_version=&#8221;4.16&#8243; background_color=&#8221;#cecece&#8221; background_enable_color=&#8221;on&#8221; background_image=&#8221;https:\/\/widoarquitectos.com\/wp-content\/uploads\/2022\/05\/8.-VENTILACION-01.jpg&#8221; background_enable_image=&#8221;on&#8221; global_colors_info=&#8221;{}&#8221; sticky_transition=&#8221;on&#8221;][\/et_pb_slide][et_pb_slide _builder_version=&#8221;4.16&#8243; background_color=&#8221;#cecece&#8221; background_enable_color=&#8221;on&#8221; background_image=&#8221;https:\/\/widoarquitectos.com\/wp-content\/uploads\/2022\/05\/9.-PLANTA-DE-CONJUNTO-scaled.jpg&#8221; background_enable_image=&#8221;on&#8221; global_colors_info=&#8221;{}&#8221; sticky_transition=&#8221;on&#8221;][\/et_pb_slide][et_pb_slide _builder_version=&#8221;4.16&#8243; background_color=&#8221;#cecece&#8221; background_enable_color=&#8221;on&#8221; background_image=&#8221;https:\/\/widoarquitectos.com\/wp-content\/uploads\/2022\/05\/10.-CABANA-MEDINA-Y-CHICA-ILUSTRACION.jpg&#8221; background_enable_image=&#8221;on&#8221; global_colors_info=&#8221;{}&#8221; sticky_transition=&#8221;on&#8221;][\/et_pb_slide][et_pb_slide _builder_version=&#8221;4.16&#8243; background_color=&#8221;#cecece&#8221; background_enable_color=&#8221;on&#8221; background_image=&#8221;https:\/\/widoarquitectos.com\/wp-content\/uploads\/2022\/05\/11.-EDIFICIO-EXTERIOR.jpg&#8221; background_enable_image=&#8221;on&#8221; global_colors_info=&#8221;{}&#8221; sticky_transition=&#8221;on&#8221;][\/et_pb_slide][et_pb_slide _builder_version=&#8221;4.16&#8243; background_color=&#8221;#cecece&#8221; background_enable_color=&#8221;on&#8221; background_image=&#8221;https:\/\/widoarquitectos.com\/wp-content\/uploads\/2022\/05\/12.-PUERTAS-DE-ACCESO.jpg&#8221; background_enable_image=&#8221;on&#8221; global_colors_info=&#8221;{}&#8221; sticky_transition=&#8221;on&#8221;][\/et_pb_slide][et_pb_slide _builder_version=&#8221;4.16&#8243; background_color=&#8221;#cecece&#8221; background_enable_color=&#8221;on&#8221; background_image=&#8221;https:\/\/widoarquitectos.com\/wp-content\/uploads\/2022\/05\/13.-AREA-DE-COMTEMPLACION.png&#8221; background_enable_image=&#8221;on&#8221; global_colors_info=&#8221;{}&#8221; sticky_transition=&#8221;on&#8221;][\/et_pb_slide][et_pb_slide _builder_version=&#8221;4.16&#8243; background_color=&#8221;#cecece&#8221; background_enable_color=&#8221;on&#8221; background_image=&#8221;https:\/\/widoarquitectos.com\/wp-content\/uploads\/2022\/05\/14.-MAQ-01.jpg&#8221; background_enable_image=&#8221;on&#8221; global_colors_info=&#8221;{}&#8221; sticky_transition=&#8221;on&#8221;][\/et_pb_slide][et_pb_slide _builder_version=&#8221;4.16&#8243; background_color=&#8221;#cecece&#8221; background_enable_color=&#8221;on&#8221; background_image=&#8221;https:\/\/widoarquitectos.com\/wp-content\/uploads\/2022\/05\/15.-MAQ.jpg&#8221; background_enable_image=&#8221;on&#8221; global_colors_info=&#8221;{}&#8221; sticky_transition=&#8221;on&#8221;][\/et_pb_slide][\/et_pb_slider][\/et_pb_column][et_pb_column type=&#8221;1_3&#8243; _builder_version=&#8221;4.16&#8243; global_colors_info=&#8221;{}&#8221;][et_pb_text module_class=&#8221;scroll-text&#8221; _builder_version=&#8221;4.17.4&#8243; text_font=&#8221;Itc Avan garden extra-light||||||||&#8221; text_text_color=&#8221;#707070&#8243; text_font_size=&#8221;9px&#8221; text_letter_spacing=&#8221;0.5px&#8221; text_line_height=&#8221;12px&#8221; text_orientation=&#8221;justified&#8221; animation_style=&#8221;slide&#8221; animation_direction=&#8221;right&#8221; animation_duration=&#8221;2200ms&#8221; hover_enabled=&#8221;0&#8243; global_colors_info=&#8221;{}&#8221; sticky_enabled=&#8221;0&#8243;]<\/p>\n<div style=\"display: none;\">Tlachichuca is a region located in the state of Puebla and is the closest town to the Pico de Orizaba National Park, best known for its imposing dormant volcano Citlalt\u00e9petl and for its frequent mountaineering-oriented eco-tourism.<\/div>\n<p>Tlachichuca is a region located in the state of Puebla and is the closest town to the Pico de Orizaba National Park, best known for its imposing dormant volcano Citlalt\u00e9petl and for its frequent mountaineering-oriented eco-tourism.<\/p>\n<p>The Eco Hotel Tlachichuca project is located at the foot of the volcano, in a wooded area, but with low tree density. Its location and topography privilege the views of the volcano. This situation was of utmost importance in the creative process since we developed a guiding axis that divides the property in two from one end to the other. This axis is completely linear without reaching organic forms, this proposal is based on three situations: first, the view of the volcano is never lost; second, the axis functions as a distribution path to all the spaces of the hotel; third, the path is an analogy of the journey that a climber goes through, taking into account that mountaineering, in its simplest form, is to get from point A to point B, being a linear path despite the fact that the topography makes it organic.<\/p>\n<p>The architectural program is organized by two entrances that frame the volcano, where 8 cabins, a main pavilion with swimming pool, restaurant, multipurpose room, terraces, bathrooms, infirmary and wine cellar are located. For the outdoor areas, heated water bodies and an area for meditation were proposed.<\/p>\n<p>Eco Hotel Tlachichuca es un espacio donde cada uno de nosotros es capaz de encontrarse con lo m\u00e1s sincero y noble de nuestro ser.[\/et_pb_text][\/et_pb_column][\/et_pb_row][\/et_pb_section][et_pb_section fb_built=&#8221;1&#8243; disabled_on=&#8221;off|off|off&#8221; _builder_version=&#8221;4.16&#8243; custom_padding=&#8221;0px||3px|||&#8221; locked=&#8221;off&#8221; global_colors_info=&#8221;{}&#8221;][et_pb_row _builder_version=&#8221;4.16&#8243; custom_padding=&#8221;10px||10px||false|false&#8221; global_colors_info=&#8221;{}&#8221;][et_pb_column type=&#8221;4_4&#8243; _builder_version=&#8221;4.16&#8243; global_colors_info=&#8221;{}&#8221;][et_pb_code _builder_version=&#8221;4.17.4&#8243; min_height=&#8221;31px&#8221; global_colors_info=&#8221;{}&#8221;]<\/p>\n<style><!-- [et_pb_line_break_holder] -->  .icons-footer-page{<!-- [et_pb_line_break_holder] -->\t\twidth: 100%;<!-- [et_pb_line_break_holder] -->\t\ttext-align: right;<!-- [et_pb_line_break_holder] -->\t\tmargin-right: 50px;<!-- [et_pb_line_break_holder] -->    position: fixed;<!-- [et_pb_line_break_holder] -->    bottom: 20px;<!-- [et_pb_line_break_holder] -->    right: -20px;<!-- [et_pb_line_break_holder] -->\t}\t<!-- [et_pb_line_break_holder] -->\t.icons-f{<!-- [et_pb_line_break_holder] -->\t\twidth: 24px;<!-- [et_pb_line_break_holder] -->\t\theight: 23px;<!-- [et_pb_line_break_holder] -->\t\tbackground: #000;<!-- [et_pb_line_break_holder] -->\t\tborder-radius: 50%;<!-- [et_pb_line_break_holder] -->\t\tdisplay: inline-block;<!-- [et_pb_line_break_holder] -->\t\tmargin-left: 4px;<!-- [et_pb_line_break_holder] -->\t}<!-- [et_pb_line_break_holder] -->   .icons-f:hover > p{<!-- [et_pb_line_break_holder] -->    background: #fff;<!-- [et_pb_line_break_holder] -->    border: solid 1px #000;<!-- [et_pb_line_break_holder] -->    color: #000;<!-- [et_pb_line_break_holder] -->  }<!-- [et_pb_line_break_holder] --><!-- [et_pb_line_break_holder] -->\t.icons-f p{<!-- [et_pb_line_break_holder] -->    font-family: 'Roboto',Helvetica,Arial,Lucida,sans-serif!important;<!-- [et_pb_line_break_holder] -->\t\tcolor: #fff;<!-- [et_pb_line_break_holder] -->\t\ttext-align: center;<!-- [et_pb_line_break_holder] -->\t\tfont-size: 11px;<!-- [et_pb_line_break_holder] -->\t\tmargin: 0px;<!-- [et_pb_line_break_holder] -->    border-radius: 50%;<!-- [et_pb_line_break_holder] -->    transition: 0.5s;<!-- [et_pb_line_break_holder] -->\t}<!-- [et_pb_line_break_holder] -->  <!-- [et_pb_line_break_holder] -->  .icons-f p i{<!-- [et_pb_line_break_holder] -->    font-size: 12px;<!-- [et_pb_line_break_holder] -->    }<!-- [et_pb_line_break_holder] -->  <!-- [et_pb_line_break_holder] -->  <!-- [et_pb_line_break_holder] -->   @media (max-width: 500px) {<!-- [et_pb_line_break_holder] -->    .icons-footer-page{<!-- [et_pb_line_break_holder] -->    \tright: -40px;<!-- [et_pb_line_break_holder] -->    } <!-- [et_pb_line_break_holder] -->  }<!-- [et_pb_line_break_holder] --><\/style>\n<p>\t<!-- [et_pb_line_break_holder] --><\/p>\n<div class=\"icons-footer-page\"><!-- [et_pb_line_break_holder] -->\t<a href=\"https:\/\/widoarquitectos.com\/en\/eco-hotel-tlachichuca\/\" class=\"icons-f\"><!-- [et_pb_line_break_holder] -->\t\t\t<pee>EN<\/pee><!-- [et_pb_line_break_holder] -->\t\t<\/a><!-- [et_pb_line_break_holder] -->\t\t<a href=\"https:\/\/widoarquitectos.com\/es\/eco-hotel-tlachichuca\/\" class=\"icons-f\"><!-- [et_pb_line_break_holder] -->\t\t\t<pee>ES<\/pee><!-- [et_pb_line_break_holder] -->\t\t<\/a><!-- [et_pb_line_break_holder] -->\t<!-- [et_pb_line_break_holder] -->\t<\/div>\n<p>[\/et_pb_code][\/et_pb_column][\/et_pb_row][\/et_pb_section]<\/p>","protected":false},"excerpt":{"rendered":"<p>ECO HOTEL TLACHICHUCATLACHICHUCA, M\u00c9XICOHOTELER\u00cdA &#038; TURISMO | 2022Tlachichuca es una regi\u00f3n ubicada en el estado de Puebla y es el poblado m\u00e1s cercano al parque nacional Pico de Orizaba, mejor conocido por su imponente volc\u00e1n inactivo Citlalt\u00e9petl y por su frecuente eco turismo orientado al alpinismo. Tlachichuca es una regi\u00f3n ubicada en el estado de [&hellip;]<\/p>","protected":false},"author":1,"featured_media":0,"parent":0,"menu_order":0,"comment_status":"closed","ping_status":"closed","template":"","meta":{"_et_pb_use_builder":"on","_et_pb_old_content":"","_et_gb_content_width":"","inline_featured_image":false,"footnotes":""},"class_list":["post-3191","page","type-page","status-publish","hentry"],"_links":{"self":[{"href":"https:\/\/widoarquitectos.com\/en\/wp-json\/wp\/v2\/pages\/3191","targetHints":{"allow":["GET"]}}],"collection":[{"href":"https:\/\/widoarquitectos.com\/en\/wp-json\/wp\/v2\/pages"}],"about":[{"href":"https:\/\/widoarquitectos.com\/en\/wp-json\/wp\/v2\/types\/page"}],"author":[{"embeddable":true,"href":"https:\/\/widoarquitectos.com\/en\/wp-json\/wp\/v2\/users\/1"}],"replies":[{"embeddable":true,"href":"https:\/\/widoarquitectos.com\/en\/wp-json\/wp\/v2\/comments?post=3191"}],"version-history":[{"count":0,"href":"https:\/\/widoarquitectos.com\/en\/wp-json\/wp\/v2\/pages\/3191\/revisions"}],"wp:attachment":[{"href":"https:\/\/widoarquitectos.com\/en\/wp-json\/wp\/v2\/media?parent=3191"}],"curies":[{"name":"wp","href":"https:\/\/api.w.org\/{rel}","templated":true}]}}