{"id":3257,"date":"2022-05-26T17:09:37","date_gmt":"2022-05-26T17:09:37","guid":{"rendered":"https:\/\/widoarquitectos.com\/?page_id=3257"},"modified":"2024-02-21T02:43:19","modified_gmt":"2024-02-21T02:43:19","slug":"proyectos","status":"publish","type":"page","link":"https:\/\/widoarquitectos.com\/en\/proyectos\/","title":{"rendered":"Projects"},"content":{"rendered":"<p>[et_pb_section fb_built=&#8221;1&#8243; module_class=&#8221;card-projects1&#8243; _builder_version=&#8221;4.16&#8243; custom_padding=&#8221;40px||40px||true|false&#8221; locked=&#8221;off&#8221; global_colors_info=&#8221;{}&#8221;][et_pb_row _builder_version=&#8221;4.16&#8243; custom_padding=&#8221;3px||30px||false|false&#8221; global_colors_info=&#8221;{}&#8221;][et_pb_column type=&#8221;4_4&#8243; _builder_version=&#8221;4.16&#8243; global_colors_info=&#8221;{}&#8221;][et_pb_text _builder_version=&#8221;4.17.4&#8243; text_font=&#8221;Itc Avan garden extra-light||||||||&#8221; text_text_color=&#8221;#707070&#8243; text_letter_spacing=&#8221;1.2px&#8221; text_orientation=&#8221;center&#8221; custom_margin=&#8221;|30px|0px|30px|false|true&#8221; locked=&#8221;off&#8221; global_colors_info=&#8221;{}&#8221;]<\/p>\n<p>Projects<\/p>\n<p>[\/et_pb_text][\/et_pb_column][\/et_pb_row][et_pb_row column_structure=&#8221;1_3,1_3,1_3&#8243; use_custom_gutter=&#8221;on&#8221; gutter_width=&#8221;2&#8243; disabled_on=&#8221;off|off|off&#8221; module_class=&#8221;box-proyectos&#8221; _builder_version=&#8221;4.23.4&#8243; width=&#8221;70%&#8221; module_alignment=&#8221;center&#8221; custom_margin=&#8221;50px|auto|0px|auto|false|false&#8221; custom_padding=&#8221;0px||0px||true|false&#8221; global_colors_info=&#8221;{}&#8221;][et_pb_column type=&#8221;1_3&#8243; _builder_version=&#8221;4.16&#8243; global_colors_info=&#8221;{}&#8221;][et_pb_image src=&#8221;https:\/\/widoarquitectos.com\/wp-content\/uploads\/2023\/12\/PROYECTO-VIVIENDA-URUGUAY.jpg&#8221; title_text=&#8221;PROYECTO VIVIENDA URUGUAY&#8221; url=&#8221;https:\/\/widoarquitectos.com\/vivienda-uruguay\/&#8221; module_class=&#8221;et-zoom-in&#8221; _builder_version=&#8221;4.17.4&#8243; _module_preset=&#8221;default&#8221; width=&#8221;80%&#8221; width_tablet=&#8221;&#8221; width_phone=&#8221;90%&#8221; width_last_edited=&#8221;on|phone&#8221; module_alignment=&#8221;center&#8221; global_colors_info=&#8221;{}&#8221;][\/et_pb_image][et_pb_text _builder_version=&#8221;4.17.4&#8243; text_font=&#8221;Itc Avan garden extra-light|300|||||||&#8221; text_text_color=&#8221;#707070&#8243; text_font_size=&#8221;10px&#8221; text_letter_spacing=&#8221;1.2px&#8221; text_line_height=&#8221;2px&#8221; text_orientation=&#8221;justified&#8221; width=&#8221;85%&#8221; max_width=&#8221;85%&#8221; module_alignment=&#8221;center&#8221; min_height=&#8221;7px&#8221; custom_margin=&#8221;30px||30px||true|false&#8221; custom_padding=&#8221;0px||0px||true|false&#8221; text_letter_spacing_tablet=&#8221;&#8221; text_letter_spacing_phone=&#8221;&#8221; text_letter_spacing_last_edited=&#8221;on|desktop&#8221; global_colors_info=&#8221;{}&#8221;]<\/p>\n<p style=\"margin-bottom: 0in; line-height: 100%; text-align: center;\" align=\"justify\">VIVIENDA URUGUAY<\/p>\n<p>[\/et_pb_text][\/et_pb_column][et_pb_column type=&#8221;1_3&#8243; _builder_version=&#8221;4.16&#8243; global_colors_info=&#8221;{}&#8221;][et_pb_image src=&#8221;https:\/\/widoarquitectos.com\/wp-content\/uploads\/2024\/02\/PORTADA-PREU-V4.jpg&#8221; title_text=&#8221;PORTADA-PREU-V4&#8243; url=&#8221;https:\/\/widoarquitectos.com\/preu\/&#8221; module_class=&#8221;et-zoom-in&#8221; _builder_version=&#8221;4.24.0&#8243; _module_preset=&#8221;default&#8221; width=&#8221;80%&#8221; width_tablet=&#8221;&#8221; width_phone=&#8221;90%&#8221; width_last_edited=&#8221;on|phone&#8221; module_alignment=&#8221;center&#8221; hover_enabled=&#8221;0&#8243; global_colors_info=&#8221;{}&#8221; sticky_enabled=&#8221;0&#8243;][\/et_pb_image][et_pb_text _builder_version=&#8221;4.17.4&#8243; text_font=&#8221;Itc Avan garden extra-light|300|||||||&#8221; text_text_color=&#8221;#707070&#8243; text_font_size=&#8221;10px&#8221; text_letter_spacing=&#8221;1.2px&#8221; text_line_height=&#8221;2px&#8221; text_orientation=&#8221;justified&#8221; width=&#8221;85%&#8221; max_width=&#8221;85%&#8221; module_alignment=&#8221;center&#8221; custom_margin=&#8221;30px||30px||true|false&#8221; custom_padding=&#8221;0px||0px||true|false&#8221; text_letter_spacing_tablet=&#8221;&#8221; text_letter_spacing_phone=&#8221;&#8221; text_letter_spacing_last_edited=&#8221;on|desktop&#8221; global_colors_info=&#8221;{}&#8221;]<\/p>\n<p style=\"margin-bottom: 0in; line-height: 100%; text-align: center;\" align=\"justify\">PREU<\/p>\n<p>[\/et_pb_text][\/et_pb_column][et_pb_column type=&#8221;1_3&#8243; _builder_version=&#8221;4.16&#8243; global_colors_info=&#8221;{}&#8221;][et_pb_image src=&#8221;https:\/\/widoarquitectos.com\/wp-content\/uploads\/2023\/12\/PROYECTO-EDIFICIO-RANCHO-ENCINOS.jpg&#8221; title_text=&#8221;PROYECTO EDIFICIO RANCHO ENCINOS&#8221; url=&#8221;https:\/\/widoarquitectos.com\/edificio-rancho-encinos\/&#8221; module_class=&#8221;et-zoom-in&#8221; _builder_version=&#8221;4.17.4&#8243; _module_preset=&#8221;default&#8221; width=&#8221;80%&#8221; width_tablet=&#8221;&#8221; width_phone=&#8221;90%&#8221; width_last_edited=&#8221;on|phone&#8221; module_alignment=&#8221;center&#8221; global_colors_info=&#8221;{}&#8221;][\/et_pb_image][et_pb_text _builder_version=&#8221;4.17.4&#8243; text_font=&#8221;Itc Avan garden extra-light|300|||||||&#8221; text_text_color=&#8221;#707070&#8243; text_font_size=&#8221;10px&#8221; text_letter_spacing=&#8221;1.2px&#8221; text_line_height=&#8221;2px&#8221; text_orientation=&#8221;justified&#8221; width=&#8221;85%&#8221; max_width=&#8221;85%&#8221; module_alignment=&#8221;center&#8221; custom_margin=&#8221;30px||30px||true|false&#8221; custom_padding=&#8221;0px||0px||true|false&#8221; text_letter_spacing_tablet=&#8221;&#8221; text_letter_spacing_phone=&#8221;&#8221; text_letter_spacing_last_edited=&#8221;on|desktop&#8221; global_colors_info=&#8221;{}&#8221;]<\/p>\n<p style=\"margin-bottom: 0in; line-height: 100%; text-align: center;\" align=\"justify\">EDIFICIO RANCHO ENCINOS<\/p>\n<p>[\/et_pb_text][\/et_pb_column][\/et_pb_row][et_pb_row column_structure=&#8221;1_3,1_3,1_3&#8243; use_custom_gutter=&#8221;on&#8221; gutter_width=&#8221;2&#8243; module_class=&#8221;box-proyectos&#8221; _builder_version=&#8221;4.16&#8243; width=&#8221;70%&#8221; module_alignment=&#8221;center&#8221; custom_margin=&#8221;50px|auto|0px|auto|false|false&#8221; custom_padding=&#8221;0px||0px||true|false&#8221; global_colors_info=&#8221;{}&#8221;][et_pb_column type=&#8221;1_3&#8243; _builder_version=&#8221;4.16&#8243; global_colors_info=&#8221;{}&#8221;][et_pb_image src=&#8221;https:\/\/widoarquitectos.com\/wp-content\/uploads\/2022\/05\/port-project-new.jpg&#8221; title_text=&#8221;port-project-new&#8221; url=&#8221;https:\/\/widoarquitectos.com\/townhouse-dzitya\/&#8221; module_class=&#8221;et-zoom-in&#8221; _builder_version=&#8221;4.17.4&#8243; _module_preset=&#8221;default&#8221; width=&#8221;80%&#8221; width_tablet=&#8221;&#8221; width_phone=&#8221;90%&#8221; width_last_edited=&#8221;on|phone&#8221; module_alignment=&#8221;center&#8221; global_colors_info=&#8221;{}&#8221;][\/et_pb_image][et_pb_text _builder_version=&#8221;4.16&#8243; text_font=&#8221;Itc Avan garden extra-light|300|||||||&#8221; text_text_color=&#8221;#707070&#8243; text_font_size=&#8221;10px&#8221; text_letter_spacing=&#8221;1.2px&#8221; text_line_height=&#8221;2px&#8221; text_orientation=&#8221;justified&#8221; width=&#8221;85%&#8221; max_width=&#8221;85%&#8221; module_alignment=&#8221;center&#8221; custom_margin=&#8221;30px||30px||true|false&#8221; custom_padding=&#8221;0px||0px||true|false&#8221; text_letter_spacing_tablet=&#8221;&#8221; text_letter_spacing_phone=&#8221;&#8221; text_letter_spacing_last_edited=&#8221;on|desktop&#8221; global_colors_info=&#8221;{}&#8221;]<\/p>\n<p style=\"margin-bottom: 0in; line-height: 100%; text-align: center;\" align=\"justify\">TOWNHOUSE DZITY\u00c1<\/p>\n<p>[\/et_pb_text][\/et_pb_column][et_pb_column type=&#8221;1_3&#8243; _builder_version=&#8221;4.16&#8243; global_colors_info=&#8221;{}&#8221;][et_pb_image src=&#8221;https:\/\/widoarquitectos.com\/wp-content\/uploads\/2022\/05\/port-project-new-2.jpg&#8221; title_text=&#8221;port-project-new-2&#8243; url=&#8221;https:\/\/widoarquitectos.com\/finca-yenizel\/&#8221; module_class=&#8221;et-zoom-in&#8221; _builder_version=&#8221;4.17.4&#8243; _module_preset=&#8221;default&#8221; width=&#8221;80%&#8221; width_tablet=&#8221;&#8221; width_phone=&#8221;90%&#8221; width_last_edited=&#8221;on|phone&#8221; module_alignment=&#8221;center&#8221; global_colors_info=&#8221;{}&#8221;][\/et_pb_image][et_pb_text _builder_version=&#8221;4.16&#8243; text_font=&#8221;Itc Avan garden extra-light|300|||||||&#8221; text_text_color=&#8221;#707070&#8243; text_font_size=&#8221;10px&#8221; text_letter_spacing=&#8221;1.2px&#8221; text_line_height=&#8221;2px&#8221; text_orientation=&#8221;justified&#8221; width=&#8221;85%&#8221; max_width=&#8221;85%&#8221; module_alignment=&#8221;center&#8221; min_height=&#8221;7px&#8221; custom_margin=&#8221;30px||30px||true|false&#8221; custom_padding=&#8221;0px||0px||true|false&#8221; text_letter_spacing_tablet=&#8221;&#8221; text_letter_spacing_phone=&#8221;&#8221; text_letter_spacing_last_edited=&#8221;on|desktop&#8221; global_colors_info=&#8221;{}&#8221;]<\/p>\n<p style=\"margin-bottom: 0in; line-height: 100%; text-align: center;\" align=\"justify\">FINCA YENIZEL<\/p>\n<p>[\/et_pb_text][\/et_pb_column][et_pb_column type=&#8221;1_3&#8243; _builder_version=&#8221;4.16&#8243; global_colors_info=&#8221;{}&#8221;][et_pb_image src=&#8221;https:\/\/widoarquitectos.com\/wp-content\/uploads\/2022\/05\/port-project-new-3.jpg&#8221; title_text=&#8221;port-project-new-3&#8243; url=&#8221;https:\/\/widoarquitectos.com\/eco-hotel-tlachichuca\/&#8221; module_class=&#8221;et-zoom-in&#8221; _builder_version=&#8221;4.17.4&#8243; _module_preset=&#8221;default&#8221; width=&#8221;80%&#8221; width_tablet=&#8221;&#8221; width_phone=&#8221;90%&#8221; width_last_edited=&#8221;on|phone&#8221; module_alignment=&#8221;center&#8221; global_colors_info=&#8221;{}&#8221;][\/et_pb_image][et_pb_text _builder_version=&#8221;4.16&#8243; text_font=&#8221;Itc Avan garden extra-light|300|||||||&#8221; text_text_color=&#8221;#707070&#8243; text_font_size=&#8221;10px&#8221; text_letter_spacing=&#8221;1.2px&#8221; text_line_height=&#8221;2px&#8221; text_orientation=&#8221;justified&#8221; width=&#8221;85%&#8221; max_width=&#8221;85%&#8221; module_alignment=&#8221;center&#8221; custom_margin=&#8221;30px||30px||true|false&#8221; custom_padding=&#8221;0px||0px||true|false&#8221; text_letter_spacing_tablet=&#8221;&#8221; text_letter_spacing_phone=&#8221;&#8221; text_letter_spacing_last_edited=&#8221;on|desktop&#8221; global_colors_info=&#8221;{}&#8221;]<\/p>\n<p style=\"margin-bottom: 0in; line-height: 100%; text-align: center;\" align=\"justify\">ECO HOTEL TLACHICHUCA<\/p>\n<p>[\/et_pb_text][\/et_pb_column][\/et_pb_row][et_pb_row column_structure=&#8221;1_3,1_3,1_3&#8243; use_custom_gutter=&#8221;on&#8221; gutter_width=&#8221;2&#8243; disabled_on=&#8221;off|off|off&#8221; module_class=&#8221;box-proyectos&#8221; _builder_version=&#8221;4.16&#8243; width=&#8221;70%&#8221; module_alignment=&#8221;center&#8221; custom_margin=&#8221;50px|auto|0px|auto|false|false&#8221; custom_padding=&#8221;0px||0px||true|false&#8221; global_colors_info=&#8221;{}&#8221;][et_pb_column type=&#8221;1_3&#8243; _builder_version=&#8221;4.16&#8243; global_colors_info=&#8221;{}&#8221;][et_pb_image src=&#8221;https:\/\/widoarquitectos.com\/wp-content\/uploads\/2021\/06\/1.-PORTADA-4-1.jpg&#8221; title_text=&#8221;1. PORTADA (4) (1)&#8221; url=&#8221;https:\/\/widoarquitectos.com\/treehouse\/&#8221; module_class=&#8221;et-zoom-in&#8221; _builder_version=&#8221;4.17.4&#8243; _module_preset=&#8221;default&#8221; width=&#8221;80%&#8221; width_tablet=&#8221;&#8221; width_phone=&#8221;90%&#8221; width_last_edited=&#8221;on|phone&#8221; module_alignment=&#8221;center&#8221; global_colors_info=&#8221;{}&#8221;][\/et_pb_image][et_pb_text _builder_version=&#8221;4.16&#8243; text_font=&#8221;Itc Avan garden extra-light|300|||||||&#8221; text_text_color=&#8221;#707070&#8243; text_font_size=&#8221;10px&#8221; text_letter_spacing=&#8221;1.2px&#8221; text_line_height=&#8221;2px&#8221; text_orientation=&#8221;justified&#8221; width=&#8221;85%&#8221; max_width=&#8221;85%&#8221; module_alignment=&#8221;center&#8221; custom_margin=&#8221;30px||30px||true|false&#8221; custom_padding=&#8221;0px||0px||true|false&#8221; text_letter_spacing_tablet=&#8221;&#8221; text_letter_spacing_phone=&#8221;&#8221; text_letter_spacing_last_edited=&#8221;on|desktop&#8221; global_colors_info=&#8221;{}&#8221;]<\/p>\n<p style=\"margin-bottom: 0in; line-height: 100%; text-align: center;\" align=\"justify\">TREE HOUSE<\/p>\n<p>[\/et_pb_text][\/et_pb_column][et_pb_column type=&#8221;1_3&#8243; _builder_version=&#8221;4.16&#8243; global_colors_info=&#8221;{}&#8221;][et_pb_image src=&#8221;https:\/\/widoarquitectos.com\/wp-content\/uploads\/2021\/06\/1.-PORTADA-3-1-1.jpg&#8221; title_text=&#8221;1. PORTADA (3) (1) (1)&#8221; url=&#8221;https:\/\/widoarquitectos.com\/14-fukuokaricecellar\/&#8221; module_class=&#8221;et-zoom-in&#8221; _builder_version=&#8221;4.16&#8243; _module_preset=&#8221;default&#8221; width=&#8221;80%&#8221; width_tablet=&#8221;&#8221; width_phone=&#8221;90%&#8221; width_last_edited=&#8221;on|phone&#8221; module_alignment=&#8221;center&#8221; global_colors_info=&#8221;{}&#8221;][\/et_pb_image][et_pb_text _builder_version=&#8221;4.16&#8243; text_font=&#8221;Itc Avan garden extra-light|300|||||||&#8221; text_text_color=&#8221;#707070&#8243; text_font_size=&#8221;10px&#8221; text_letter_spacing=&#8221;1.2px&#8221; text_line_height=&#8221;2px&#8221; text_orientation=&#8221;justified&#8221; width=&#8221;85%&#8221; max_width=&#8221;85%&#8221; module_alignment=&#8221;center&#8221; min_height=&#8221;7px&#8221; custom_margin=&#8221;30px||30px||true|false&#8221; custom_padding=&#8221;0px||0px||true|false&#8221; text_letter_spacing_tablet=&#8221;&#8221; text_letter_spacing_phone=&#8221;&#8221; text_letter_spacing_last_edited=&#8221;on|desktop&#8221; global_colors_info=&#8221;{}&#8221;]<\/p>\n<p style=\"margin-bottom: 0in; line-height: 100%; text-align: center;\" align=\"justify\">FUKUOKA RICE CELLAR<\/p>\n<p>[\/et_pb_text][\/et_pb_column][et_pb_column type=&#8221;1_3&#8243; _builder_version=&#8221;4.16&#8243; global_colors_info=&#8221;{}&#8221;][et_pb_image src=&#8221;https:\/\/widoarquitectos.com\/wp-content\/uploads\/2021\/06\/1.-PORTADA-2-1-1.jpg&#8221; title_text=&#8221;1. PORTADA (2) (1) (1)&#8221; url=&#8221;https:\/\/widoarquitectos.com\/hostalamatlan\/&#8221; module_class=&#8221;et-zoom-in&#8221; _builder_version=&#8221;4.16&#8243; _module_preset=&#8221;default&#8221; width=&#8221;80%&#8221; width_tablet=&#8221;&#8221; width_phone=&#8221;90%&#8221; width_last_edited=&#8221;on|phone&#8221; module_alignment=&#8221;center&#8221; global_colors_info=&#8221;{}&#8221;][\/et_pb_image][et_pb_text _builder_version=&#8221;4.16&#8243; text_font=&#8221;Itc Avan garden extra-light|300|||||||&#8221; text_text_color=&#8221;#707070&#8243; text_font_size=&#8221;10px&#8221; text_letter_spacing=&#8221;1.2px&#8221; text_line_height=&#8221;2px&#8221; text_orientation=&#8221;justified&#8221; width=&#8221;85%&#8221; max_width=&#8221;85%&#8221; module_alignment=&#8221;center&#8221; custom_margin=&#8221;30px||30px||true|false&#8221; custom_padding=&#8221;0px||0px||true|false&#8221; text_letter_spacing_tablet=&#8221;&#8221; text_letter_spacing_phone=&#8221;&#8221; text_letter_spacing_last_edited=&#8221;on|desktop&#8221; global_colors_info=&#8221;{}&#8221;]<\/p>\n<p style=\"margin-bottom: 0in; line-height: 100%; text-align: center;\" align=\"justify\">AMATLAN HOSTEL<\/p>\n<p>[\/et_pb_text][\/et_pb_column][\/et_pb_row][et_pb_row column_structure=&#8221;1_3,1_3,1_3&#8243; use_custom_gutter=&#8221;on&#8221; gutter_width=&#8221;2&#8243; module_class=&#8221;box-proyectos&#8221; _builder_version=&#8221;4.16&#8243; width=&#8221;70%&#8221; module_alignment=&#8221;center&#8221; custom_margin=&#8221;50px|auto|0px|auto|false|false&#8221; custom_padding=&#8221;1px||1px||true|false&#8221; global_colors_info=&#8221;{}&#8221;][et_pb_column type=&#8221;1_3&#8243; module_class=&#8221;box-1&#8243; _builder_version=&#8221;4.16&#8243; global_colors_info=&#8221;{}&#8221;][et_pb_image src=&#8221;https:\/\/widoarquitectos.com\/wp-content\/uploads\/2021\/02\/1-Shibuya-House.png&#8221; title_text=&#8221;1 Shibuya House&#8221; url=&#8221;https:\/\/widoarquitectos.com\/shibuya-house\/&#8221; module_class=&#8221;et-zoom-in&#8221; _builder_version=&#8221;4.16&#8243; _module_preset=&#8221;default&#8221; width=&#8221;80%&#8221; width_tablet=&#8221;&#8221; width_phone=&#8221;90%&#8221; width_last_edited=&#8221;on|phone&#8221; module_alignment=&#8221;center&#8221; global_colors_info=&#8221;{}&#8221;][\/et_pb_image][et_pb_text _builder_version=&#8221;4.16&#8243; text_font=&#8221;Itc Avan garden extra-light|300|||||||&#8221; text_text_color=&#8221;#707070&#8243; text_font_size=&#8221;10px&#8221; text_letter_spacing=&#8221;1.2px&#8221; text_line_height=&#8221;2px&#8221; text_orientation=&#8221;justified&#8221; width=&#8221;85%&#8221; max_width=&#8221;85%&#8221; module_alignment=&#8221;center&#8221; custom_margin=&#8221;30px||30px||true|false&#8221; custom_padding=&#8221;0px||0px||true|false&#8221; text_letter_spacing_tablet=&#8221;&#8221; text_letter_spacing_phone=&#8221;&#8221; text_letter_spacing_last_edited=&#8221;on|desktop&#8221; locked=&#8221;off&#8221; global_colors_info=&#8221;{}&#8221;]<\/p>\n<p style=\"margin-bottom: 0in; line-height: 100%; text-align: center;\" align=\"justify\">SHIBUYA HOUSE <\/p>\n<p>[\/et_pb_text][\/et_pb_column][et_pb_column type=&#8221;1_3&#8243; module_class=&#8221;box-2&#8243; _builder_version=&#8221;4.16&#8243; global_colors_info=&#8221;{}&#8221;][et_pb_image src=&#8221;https:\/\/widoarquitectos.com\/wp-content\/uploads\/2021\/02\/2-Fukuoka-Forest.png&#8221; title_text=&#8221;2 Fukuoka Forest&#8221; url=&#8221;https:\/\/widoarquitectos.com\/fukuokacompetition\/&#8221; module_class=&#8221;et-zoom-in&#8221; _builder_version=&#8221;4.16&#8243; _module_preset=&#8221;default&#8221; width=&#8221;80%&#8221; width_tablet=&#8221;&#8221; width_phone=&#8221;90%&#8221; width_last_edited=&#8221;on|phone&#8221; module_alignment=&#8221;center&#8221; global_colors_info=&#8221;{}&#8221;][\/et_pb_image][et_pb_text _builder_version=&#8221;4.16&#8243; text_font=&#8221;Itc Avan garden extra-light|300|||||||&#8221; text_text_color=&#8221;#707070&#8243; text_font_size=&#8221;10px&#8221; text_letter_spacing=&#8221;1.2px&#8221; text_line_height=&#8221;2px&#8221; text_orientation=&#8221;justified&#8221; width=&#8221;85%&#8221; max_width=&#8221;85%&#8221; module_alignment=&#8221;center&#8221; custom_margin=&#8221;30px||30px||true|false&#8221; custom_padding=&#8221;0px||0px||true|false&#8221; text_letter_spacing_tablet=&#8221;&#8221; text_letter_spacing_phone=&#8221;&#8221; text_letter_spacing_last_edited=&#8221;on|desktop&#8221; locked=&#8221;off&#8221; global_colors_info=&#8221;{}&#8221;]<\/p>\n<p style=\"margin-bottom: 0in; line-height: 100%; text-align: center;\" align=\"justify\">THE FUKUOKA FOREST<\/p>\n<p>[\/et_pb_text][\/et_pb_column][et_pb_column type=&#8221;1_3&#8243; module_class=&#8221;box-3&#8243; _builder_version=&#8221;4.16&#8243; global_colors_info=&#8221;{}&#8221;][et_pb_image src=&#8221;https:\/\/widoarquitectos.com\/wp-content\/uploads\/2021\/02\/3-CMIC-Morelos.png&#8221; title_text=&#8221;3 CMIC Morelos&#8221; url=&#8221;https:\/\/widoarquitectos.com\/cmicmorelos\/&#8221; module_class=&#8221;et-zoom-in&#8221; _builder_version=&#8221;4.16&#8243; _module_preset=&#8221;default&#8221; width=&#8221;80%&#8221; width_tablet=&#8221;&#8221; width_phone=&#8221;90%&#8221; width_last_edited=&#8221;on|phone&#8221; module_alignment=&#8221;center&#8221; global_colors_info=&#8221;{}&#8221;][\/et_pb_image][et_pb_text _builder_version=&#8221;4.16&#8243; text_font=&#8221;Itc Avan garden extra-light|300|||||||&#8221; text_text_color=&#8221;#707070&#8243; text_font_size=&#8221;10px&#8221; text_letter_spacing=&#8221;1.2px&#8221; text_line_height=&#8221;2px&#8221; text_orientation=&#8221;justified&#8221; width=&#8221;85%&#8221; max_width=&#8221;85%&#8221; module_alignment=&#8221;center&#8221; custom_margin=&#8221;30px||30px||true|false&#8221; custom_padding=&#8221;0px||0px||true|false&#8221; text_letter_spacing_tablet=&#8221;&#8221; text_letter_spacing_phone=&#8221;&#8221; text_letter_spacing_last_edited=&#8221;on|desktop&#8221; locked=&#8221;off&#8221; global_colors_info=&#8221;{}&#8221;]<\/p>\n<p style=\"margin-bottom: 0in; line-height: 100%; text-align: center;\" align=\"justify\">CMIC MORELOS <\/p>\n<p>[\/et_pb_text][\/et_pb_column][\/et_pb_row][et_pb_row column_structure=&#8221;1_3,1_3,1_3&#8243; use_custom_gutter=&#8221;on&#8221; gutter_width=&#8221;2&#8243; module_class=&#8221;box-proyectos&#8221; _builder_version=&#8221;4.16&#8243; width=&#8221;70%&#8221; module_alignment=&#8221;center&#8221; custom_margin=&#8221;50px|auto|0px|auto|false|false&#8221; custom_padding=&#8221;0px||0px||true|false&#8221; global_colors_info=&#8221;{}&#8221;][et_pb_column type=&#8221;1_3&#8243; _builder_version=&#8221;4.16&#8243; global_colors_info=&#8221;{}&#8221;][et_pb_image src=&#8221;https:\/\/widoarquitectos.com\/wp-content\/uploads\/2021\/02\/4-Cuaglia-118.png&#8221; title_text=&#8221;4 Cuaglia 118&#8243; url=&#8221;https:\/\/widoarquitectos.com\/cuaglia118\/&#8221; module_class=&#8221;et-zoom-in&#8221; _builder_version=&#8221;4.16&#8243; _module_preset=&#8221;default&#8221; width=&#8221;80%&#8221; width_tablet=&#8221;&#8221; width_phone=&#8221;90%&#8221; width_last_edited=&#8221;on|phone&#8221; module_alignment=&#8221;center&#8221; global_colors_info=&#8221;{}&#8221;][\/et_pb_image][et_pb_text _builder_version=&#8221;4.16&#8243; text_font=&#8221;Itc Avan garden extra-light|300|||||||&#8221; text_text_color=&#8221;#707070&#8243; text_font_size=&#8221;10px&#8221; text_letter_spacing=&#8221;1.2px&#8221; text_line_height=&#8221;2px&#8221; text_orientation=&#8221;justified&#8221; width=&#8221;85%&#8221; max_width=&#8221;85%&#8221; module_alignment=&#8221;center&#8221; custom_margin=&#8221;30px||30px||true|false&#8221; custom_padding=&#8221;0px||0px||true|false&#8221; text_letter_spacing_tablet=&#8221;&#8221; text_letter_spacing_phone=&#8221;&#8221; text_letter_spacing_last_edited=&#8221;on|desktop&#8221; global_colors_info=&#8221;{}&#8221;]<\/p>\n<p style=\"margin-bottom: 0in; line-height: 100%; text-align: center;\" align=\"justify\">CUAGLIA 118<\/p>\n<p>[\/et_pb_text][\/et_pb_column][et_pb_column type=&#8221;1_3&#8243; _builder_version=&#8221;4.16&#8243; global_colors_info=&#8221;{}&#8221;][et_pb_image src=&#8221;https:\/\/widoarquitectos.com\/wp-content\/uploads\/2021\/02\/5-Centro-cultural-44.png&#8221; title_text=&#8221;5 Centro cultural 44&#8243; url=&#8221;https:\/\/widoarquitectos.com\/centroculturasec44\/&#8221; module_class=&#8221;et-zoom-in&#8221; _builder_version=&#8221;4.16&#8243; _module_preset=&#8221;default&#8221; width=&#8221;80%&#8221; width_tablet=&#8221;&#8221; width_phone=&#8221;90%&#8221; width_last_edited=&#8221;on|phone&#8221; module_alignment=&#8221;center&#8221; global_colors_info=&#8221;{}&#8221;][\/et_pb_image][et_pb_text _builder_version=&#8221;4.16&#8243; text_font=&#8221;Itc Avan garden extra-light|300|||||||&#8221; text_text_color=&#8221;#707070&#8243; text_font_size=&#8221;10px&#8221; text_letter_spacing=&#8221;1.2px&#8221; text_line_height=&#8221;2px&#8221; text_orientation=&#8221;justified&#8221; width=&#8221;85%&#8221; max_width=&#8221;85%&#8221; module_alignment=&#8221;center&#8221; custom_margin=&#8221;30px||30px||true|false&#8221; custom_padding=&#8221;0px||0px||true|false&#8221; text_letter_spacing_tablet=&#8221;&#8221; text_letter_spacing_phone=&#8221;&#8221; text_letter_spacing_last_edited=&#8221;on|desktop&#8221; global_colors_info=&#8221;{}&#8221;]<\/p>\n<p style=\"margin-bottom: 0in; line-height: 100%; text-align: center;\" align=\"justify\">CULTURAL CENTER 44  <\/p>\n<p>[\/et_pb_text][\/et_pb_column][et_pb_column type=&#8221;1_3&#8243; _builder_version=&#8221;4.16&#8243; global_colors_info=&#8221;{}&#8221;][et_pb_image src=&#8221;https:\/\/widoarquitectos.com\/wp-content\/uploads\/2021\/02\/6-19s-house.png&#8221; title_text=&#8221;6 19s-house&#8221; url=&#8221;https:\/\/widoarquitectos.com\/19-shouse\/&#8221; module_class=&#8221;et-zoom-in&#8221; _builder_version=&#8221;4.16&#8243; _module_preset=&#8221;default&#8221; width=&#8221;80%&#8221; width_tablet=&#8221;&#8221; width_phone=&#8221;90%&#8221; width_last_edited=&#8221;on|phone&#8221; module_alignment=&#8221;center&#8221; global_colors_info=&#8221;{}&#8221;][\/et_pb_image][et_pb_text _builder_version=&#8221;4.16&#8243; text_font=&#8221;Itc Avan garden extra-light|300|||||||&#8221; text_text_color=&#8221;#707070&#8243; text_font_size=&#8221;10px&#8221; text_letter_spacing=&#8221;1.2px&#8221; text_line_height=&#8221;2px&#8221; text_orientation=&#8221;justified&#8221; width=&#8221;85%&#8221; max_width=&#8221;85%&#8221; module_alignment=&#8221;center&#8221; custom_margin=&#8221;30px||30px||true|false&#8221; custom_padding=&#8221;0px||0px||true|false&#8221; text_letter_spacing_tablet=&#8221;&#8221; text_letter_spacing_phone=&#8221;&#8221; text_letter_spacing_last_edited=&#8221;on|desktop&#8221; global_colors_info=&#8221;{}&#8221;]<\/p>\n<p style=\"margin-bottom: 0in; line-height: 100%; text-align: center;\" align=\"justify\">19-S HOUSE <\/p>\n<p>[\/et_pb_text][\/et_pb_column][\/et_pb_row][et_pb_row column_structure=&#8221;1_3,1_3,1_3&#8243; use_custom_gutter=&#8221;on&#8221; gutter_width=&#8221;2&#8243; module_class=&#8221;box-proyectos&#8221; _builder_version=&#8221;4.16&#8243; width=&#8221;70%&#8221; module_alignment=&#8221;center&#8221; custom_margin=&#8221;50px|auto|0px|auto|false|false&#8221; custom_padding=&#8221;0px||0px||true|false&#8221; global_colors_info=&#8221;{}&#8221;][et_pb_column type=&#8221;1_3&#8243; _builder_version=&#8221;4.16&#8243; global_colors_info=&#8221;{}&#8221;][et_pb_image src=&#8221;https:\/\/widoarquitectos.com\/wp-content\/uploads\/2021\/02\/7-Oasis-Puerto-Escondido.png&#8221; title_text=&#8221;7 Oasis Puerto Escondido&#8221; url=&#8221;https:\/\/widoarquitectos.com\/oasispuertoescondido\/&#8221; module_class=&#8221;et-zoom-in&#8221; _builder_version=&#8221;4.16&#8243; _module_preset=&#8221;default&#8221; width=&#8221;80%&#8221; width_tablet=&#8221;&#8221; width_phone=&#8221;90%&#8221; width_last_edited=&#8221;on|phone&#8221; module_alignment=&#8221;center&#8221; global_colors_info=&#8221;{}&#8221;][\/et_pb_image][et_pb_text _builder_version=&#8221;4.16&#8243; text_font=&#8221;Itc Avan garden extra-light|300|||||||&#8221; text_text_color=&#8221;#707070&#8243; text_font_size=&#8221;10px&#8221; text_letter_spacing=&#8221;1.2px&#8221; text_line_height=&#8221;2px&#8221; text_orientation=&#8221;justified&#8221; width=&#8221;85%&#8221; max_width=&#8221;85%&#8221; module_alignment=&#8221;center&#8221; custom_margin=&#8221;30px||30px||true|false&#8221; custom_padding=&#8221;0px||0px||true|false&#8221; text_letter_spacing_tablet=&#8221;&#8221; text_letter_spacing_phone=&#8221;&#8221; text_letter_spacing_last_edited=&#8221;on|desktop&#8221; global_colors_info=&#8221;{}&#8221;]<\/p>\n<p style=\"margin-bottom: 0in; line-height: 100%; text-align: center;\" align=\"justify\">OASIS PUERTO ESCONDIDO<\/p>\n<p>[\/et_pb_text][\/et_pb_column][et_pb_column type=&#8221;1_3&#8243; _builder_version=&#8221;4.16&#8243; global_colors_info=&#8221;{}&#8221;][et_pb_image src=&#8221;https:\/\/widoarquitectos.com\/wp-content\/uploads\/2021\/02\/8-Sanatorio-Guadalupe.png&#8221; title_text=&#8221;8 Sanatorio Guadalupe&#8221; url=&#8221;https:\/\/widoarquitectos.com\/sanatorioguadalupe\/&#8221; module_class=&#8221;et-zoom-in&#8221; _builder_version=&#8221;4.16&#8243; _module_preset=&#8221;default&#8221; width=&#8221;80%&#8221; width_tablet=&#8221;&#8221; width_phone=&#8221;90%&#8221; width_last_edited=&#8221;on|phone&#8221; module_alignment=&#8221;center&#8221; global_colors_info=&#8221;{}&#8221;][\/et_pb_image][et_pb_text _builder_version=&#8221;4.16&#8243; text_font=&#8221;Itc Avan garden extra-light|300|||||||&#8221; text_text_color=&#8221;#707070&#8243; text_font_size=&#8221;10px&#8221; text_letter_spacing=&#8221;1.2px&#8221; text_line_height=&#8221;2px&#8221; text_orientation=&#8221;justified&#8221; width=&#8221;85%&#8221; max_width=&#8221;85%&#8221; module_alignment=&#8221;center&#8221; custom_margin=&#8221;30px||30px||true|false&#8221; custom_padding=&#8221;0px||0px||true|false&#8221; text_letter_spacing_tablet=&#8221;&#8221; text_letter_spacing_phone=&#8221;&#8221; text_letter_spacing_last_edited=&#8221;on|desktop&#8221; global_colors_info=&#8221;{}&#8221;]<\/p>\n<p style=\"margin-bottom: 0in; line-height: 100%; text-align: center;\" align=\"justify\">SANATORIO GUADALUPE<\/p>\n<p>[\/et_pb_text][\/et_pb_column][et_pb_column type=&#8221;1_3&#8243; _builder_version=&#8221;4.16&#8243; global_colors_info=&#8221;{}&#8221;][et_pb_image src=&#8221;https:\/\/widoarquitectos.com\/wp-content\/uploads\/2021\/02\/9-Un-complejo-mesoamericano.png&#8221; title_text=&#8221;9 Un complejo mesoamericano&#8221; url=&#8221;https:\/\/widoarquitectos.com\/nuevoayuntamientodetemixco\/&#8221; align=&#8221;center&#8221; module_class=&#8221;et-zoom-in&#8221; _builder_version=&#8221;4.16&#8243; _module_preset=&#8221;default&#8221; width=&#8221;80%&#8221; width_tablet=&#8221;&#8221; width_phone=&#8221;90%&#8221; width_last_edited=&#8221;on|phone&#8221; global_colors_info=&#8221;{}&#8221;][\/et_pb_image][et_pb_text _builder_version=&#8221;4.16&#8243; text_font=&#8221;Itc Avan garden extra-light|300|||||||&#8221; text_text_color=&#8221;#707070&#8243; text_font_size=&#8221;10px&#8221; text_letter_spacing=&#8221;1.2px&#8221; text_line_height=&#8221;2px&#8221; text_orientation=&#8221;justified&#8221; width=&#8221;85%&#8221; max_width=&#8221;85%&#8221; module_alignment=&#8221;center&#8221; custom_margin=&#8221;30px||30px||true|false&#8221; custom_padding=&#8221;0px||0px||true|false&#8221; text_letter_spacing_tablet=&#8221;&#8221; text_letter_spacing_phone=&#8221;&#8221; text_letter_spacing_last_edited=&#8221;on|desktop&#8221; global_colors_info=&#8221;{}&#8221;]<\/p>\n<p style=\"margin-bottom: 0in; line-height: 100%; text-align: center;\" align=\"justify\">THE MESOAMERICAN COMPLEX<\/p>\n<p>[\/et_pb_text][\/et_pb_column][\/et_pb_row][et_pb_row column_structure=&#8221;1_3,1_3,1_3&#8243; use_custom_gutter=&#8221;on&#8221; gutter_width=&#8221;2&#8243; module_class=&#8221;box-proyectos&#8221; _builder_version=&#8221;4.16&#8243; width=&#8221;70%&#8221; module_alignment=&#8221;center&#8221; custom_margin=&#8221;50px|auto|0px|auto|false|false&#8221; custom_padding=&#8221;0px||0px||true|false&#8221; global_colors_info=&#8221;{}&#8221;][et_pb_column type=&#8221;1_3&#8243; _builder_version=&#8221;4.16&#8243; global_colors_info=&#8221;{}&#8221;][et_pb_image src=&#8221;https:\/\/widoarquitectos.com\/wp-content\/uploads\/2021\/02\/10-Dae-ITESM.png&#8221; title_text=&#8221;10 Dae ITESM&#8221; url=&#8221;https:\/\/widoarquitectos.com\/dae-itesm\/&#8221; module_class=&#8221;et-zoom-in&#8221; _builder_version=&#8221;4.16&#8243; _module_preset=&#8221;default&#8221; width=&#8221;80%&#8221; width_tablet=&#8221;&#8221; width_phone=&#8221;90%&#8221; width_last_edited=&#8221;on|phone&#8221; module_alignment=&#8221;center&#8221; global_colors_info=&#8221;{}&#8221;][\/et_pb_image][et_pb_text _builder_version=&#8221;4.16&#8243; text_font=&#8221;Itc Avan garden extra-light|300|||||||&#8221; text_text_color=&#8221;#707070&#8243; text_font_size=&#8221;10px&#8221; text_letter_spacing=&#8221;1.2px&#8221; text_line_height=&#8221;2px&#8221; text_orientation=&#8221;justified&#8221; width=&#8221;85%&#8221; max_width=&#8221;85%&#8221; module_alignment=&#8221;center&#8221; custom_margin=&#8221;30px||30px||true|false&#8221; custom_padding=&#8221;0px||0px||true|false&#8221; text_letter_spacing_tablet=&#8221;&#8221; text_letter_spacing_phone=&#8221;&#8221; text_letter_spacing_last_edited=&#8221;on|desktop&#8221; global_colors_info=&#8221;{}&#8221;]<\/p>\n<p style=\"margin-bottom: 0in; line-height: 100%; text-align: center;\" align=\"justify\">DAE ITESM<\/p>\n<p>[\/et_pb_text][\/et_pb_column][et_pb_column type=&#8221;1_3&#8243; _builder_version=&#8221;4.16&#8243; global_colors_info=&#8221;{}&#8221;][et_pb_image src=&#8221;https:\/\/widoarquitectos.com\/wp-content\/uploads\/2021\/03\/1.-IMUVI-PORTADA.jpg&#8221; title_text=&#8221;1. IMUVI PORTADA&#8221; url=&#8221;https:\/\/widoarquitectos.com\/buenos-aires-neighborship\/&#8221; module_class=&#8221;et-zoom-in&#8221; _builder_version=&#8221;4.16&#8243; _module_preset=&#8221;default&#8221; width=&#8221;80%&#8221; width_tablet=&#8221;&#8221; width_phone=&#8221;90%&#8221; width_last_edited=&#8221;on|phone&#8221; module_alignment=&#8221;center&#8221; global_colors_info=&#8221;{}&#8221;][\/et_pb_image][et_pb_text _builder_version=&#8221;4.16&#8243; text_font=&#8221;Itc Avan garden extra-light|300|||||||&#8221; text_text_color=&#8221;#707070&#8243; text_font_size=&#8221;10px&#8221; text_letter_spacing=&#8221;1.2px&#8221; text_line_height=&#8221;2px&#8221; text_orientation=&#8221;justified&#8221; width=&#8221;85%&#8221; max_width=&#8221;85%&#8221; module_alignment=&#8221;center&#8221; min_height=&#8221;7px&#8221; custom_margin=&#8221;30px||30px||true|false&#8221; custom_padding=&#8221;0px||0px||true|false&#8221; text_letter_spacing_tablet=&#8221;&#8221; text_letter_spacing_phone=&#8221;&#8221; text_letter_spacing_last_edited=&#8221;on|desktop&#8221; global_colors_info=&#8221;{}&#8221;]<\/p>\n<p style=\"margin-bottom: 0in; line-height: 100%; text-align: center;\" align=\"justify\">THE BUENOS AIRES NEIGHBORSHIP<\/p>\n<p>[\/et_pb_text][\/et_pb_column][et_pb_column type=&#8221;1_3&#8243; _builder_version=&#8221;4.16&#8243; global_colors_info=&#8221;{}&#8221;][et_pb_image src=&#8221;https:\/\/widoarquitectos.com\/wp-content\/uploads\/2021\/02\/12-Soto-House.png&#8221; title_text=&#8221;12 Soto House&#8221; url=&#8221;https:\/\/widoarquitectos.com\/soto-house\/&#8221; module_class=&#8221;et-zoom-in&#8221; _builder_version=&#8221;4.16&#8243; _module_preset=&#8221;default&#8221; width=&#8221;80%&#8221; width_tablet=&#8221;&#8221; width_phone=&#8221;90%&#8221; width_last_edited=&#8221;on|phone&#8221; module_alignment=&#8221;center&#8221; global_colors_info=&#8221;{}&#8221;][\/et_pb_image][et_pb_text _builder_version=&#8221;4.16&#8243; text_font=&#8221;Itc Avan garden extra-light|300|||||||&#8221; text_text_color=&#8221;#707070&#8243; text_font_size=&#8221;10px&#8221; text_letter_spacing=&#8221;1.2px&#8221; text_line_height=&#8221;2px&#8221; text_orientation=&#8221;justified&#8221; width=&#8221;85%&#8221; max_width=&#8221;85%&#8221; module_alignment=&#8221;center&#8221; custom_margin=&#8221;30px||30px||true|false&#8221; custom_padding=&#8221;0px||0px||true|false&#8221; text_letter_spacing_tablet=&#8221;&#8221; text_letter_spacing_phone=&#8221;&#8221; text_letter_spacing_last_edited=&#8221;on|desktop&#8221; global_colors_info=&#8221;{}&#8221;]<\/p>\n<p style=\"margin-bottom: 0in; line-height: 100%; text-align: center;\" align=\"justify\">SOTO HOUSE<\/p>\n<p>[\/et_pb_text][\/et_pb_column][\/et_pb_row][\/et_pb_section][et_pb_section fb_built=&#8221;1&#8243; disabled_on=&#8221;off|off|off&#8221; _builder_version=&#8221;4.16&#8243; custom_padding=&#8221;0px||3px|||&#8221; global_colors_info=&#8221;{}&#8221;][et_pb_row _builder_version=&#8221;4.16&#8243; custom_padding=&#8221;10px||10px||false|false&#8221; global_colors_info=&#8221;{}&#8221;][et_pb_column type=&#8221;4_4&#8243; _builder_version=&#8221;4.16&#8243; global_colors_info=&#8221;{}&#8221;][et_pb_code _builder_version=&#8221;4.17.4&#8243; min_height=&#8221;31px&#8221; global_colors_info=&#8221;{}&#8221;]<!-- [et_pb_line_break_holder] --><\/p>\n<style><!-- [et_pb_line_break_holder] -->  .icons-footer-page{<!-- [et_pb_line_break_holder] -->\t\twidth: 100%;<!-- [et_pb_line_break_holder] -->\t\ttext-align: right;<!-- [et_pb_line_break_holder] -->\t\tmargin-right: 50px;<!-- [et_pb_line_break_holder] -->    position: fixed;<!-- [et_pb_line_break_holder] -->    bottom: 25px;<!-- [et_pb_line_break_holder] -->    right: -20px;<!-- [et_pb_line_break_holder] -->\t}\t<!-- [et_pb_line_break_holder] -->\t.icons-f{<!-- [et_pb_line_break_holder] -->\t\twidth: 20px;<!-- [et_pb_line_break_holder] -->\t\theight: 20px;<!-- [et_pb_line_break_holder] -->\t\tbackground: #000;<!-- [et_pb_line_break_holder] -->\t\tborder-radius: 50%;<!-- [et_pb_line_break_holder] -->\t\tdisplay: inline-block;<!-- [et_pb_line_break_holder] -->\t\tmargin-left: 4px;<!-- [et_pb_line_break_holder] -->\t}<!-- [et_pb_line_break_holder] -->   .icons-f:hover > p{<!-- [et_pb_line_break_holder] -->    background: #fff;<!-- [et_pb_line_break_holder] -->    border: solid 1px #000;<!-- [et_pb_line_break_holder] -->    color: #000;<!-- [et_pb_line_break_holder] -->    width: 20px;<!-- [et_pb_line_break_holder] -->\t\theight: 20px;<!-- [et_pb_line_break_holder] -->  }<!-- [et_pb_line_break_holder] --><!-- [et_pb_line_break_holder] -->\t.icons-f p{<!-- [et_pb_line_break_holder] -->    font-family: 'Roboto',Helvetica,Arial,Lucida,sans-serif!important;<!-- [et_pb_line_break_holder] -->\t\tcolor: #fff;<!-- [et_pb_line_break_holder] -->\t\ttext-align: center;<!-- [et_pb_line_break_holder] -->\t\tfont-size: 9px;<!-- [et_pb_line_break_holder] -->\t\tmargin: 0px;<!-- [et_pb_line_break_holder] -->    border-radius: 50%;<!-- [et_pb_line_break_holder] -->    transition: 0.5s;<!-- [et_pb_line_break_holder] -->\t}<!-- [et_pb_line_break_holder] -->  <!-- [et_pb_line_break_holder] -->  .icons-f p i{<!-- [et_pb_line_break_holder] -->    font-size: 12px;<!-- [et_pb_line_break_holder] -->    }<!-- [et_pb_line_break_holder] -->  <!-- [et_pb_line_break_holder] -->  <!-- [et_pb_line_break_holder] -->   @media (max-width: 500px) {<!-- [et_pb_line_break_holder] -->    .icons-footer-page{<!-- [et_pb_line_break_holder] -->    \tright: -40px;<!-- [et_pb_line_break_holder] -->    } <!-- [et_pb_line_break_holder] -->  }<!-- [et_pb_line_break_holder] --><\/style>\n<p>\t<!-- [et_pb_line_break_holder] --><\/p>\n<div class=\"icons-footer-page\"><!-- [et_pb_line_break_holder] -->\t<a href=\"https:\/\/widoarquitectos.com\/en\/proyectos\/\" class=\"icons-f\"><!-- [et_pb_line_break_holder] -->\t\t\t<pee>EN<\/pee><!-- [et_pb_line_break_holder] -->\t\t<\/a><!-- [et_pb_line_break_holder] -->\t\t<a href=\"https:\/\/widoarquitectos.com\/es\/proyectos\/\" class=\"icons-f\"><!-- [et_pb_line_break_holder] -->\t\t\t<pee>ES<\/pee><!-- [et_pb_line_break_holder] -->\t\t<\/a><!-- [et_pb_line_break_holder] -->\t<!-- [et_pb_line_break_holder] -->\t<\/div>\n<p><!-- [et_pb_line_break_holder] --><!-- [et_pb_line_break_holder] --><!-- [et_pb_line_break_holder] -->[\/et_pb_code][\/et_pb_column][\/et_pb_row][\/et_pb_section]<\/p>","protected":false},"excerpt":{"rendered":"<p>ProyectosVIVIENDA URUGUAYPREUEDIFICIO RANCHO ENCINOSTOWNHOUSE DZITY\u00c1FINCA YENIZELECO HOTEL TLACHICHUCACASA \u00c1RBOLBODEGAS DE ARROZ FUKUOKAHOSTAL AMATL\u00c1NCASA SHIBUYA EL BOSQUE DE FUKUOKACMIC MORELOS CUAGLIA 118CENTRO CULTURAL 44 CASA 19-S OASIS PUERTO ESCONDIDOSANATORIO GUADALUPEUN COMPLEJO MESOAMERICANOITESM DAELA VECINDAD BUENOS AIRESCASA SOTO<\/p>","protected":false},"author":1,"featured_media":0,"parent":0,"menu_order":0,"comment_status":"closed","ping_status":"closed","template":"","meta":{"_et_pb_use_builder":"on","_et_pb_old_content":"<!-- wp:divi\/placeholder \/-->","_et_gb_content_width":"","inline_featured_image":false,"footnotes":""},"class_list":["post-3257","page","type-page","status-publish","hentry"],"_links":{"self":[{"href":"https:\/\/widoarquitectos.com\/en\/wp-json\/wp\/v2\/pages\/3257","targetHints":{"allow":["GET"]}}],"collection":[{"href":"https:\/\/widoarquitectos.com\/en\/wp-json\/wp\/v2\/pages"}],"about":[{"href":"https:\/\/widoarquitectos.com\/en\/wp-json\/wp\/v2\/types\/page"}],"author":[{"embeddable":true,"href":"https:\/\/widoarquitectos.com\/en\/wp-json\/wp\/v2\/users\/1"}],"replies":[{"embeddable":true,"href":"https:\/\/widoarquitectos.com\/en\/wp-json\/wp\/v2\/comments?post=3257"}],"version-history":[{"count":0,"href":"https:\/\/widoarquitectos.com\/en\/wp-json\/wp\/v2\/pages\/3257\/revisions"}],"wp:attachment":[{"href":"https:\/\/widoarquitectos.com\/en\/wp-json\/wp\/v2\/media?parent=3257"}],"curies":[{"name":"wp","href":"https:\/\/api.w.org\/{rel}","templated":true}]}}